{"id":257,"date":"2024-07-30T07:23:33","date_gmt":"2024-07-30T07:23:33","guid":{"rendered":"https:\/\/www.ludgeri-stiftung.de\/?page_id=257"},"modified":"2025-04-29T12:48:03","modified_gmt":"2025-04-29T12:48:03","slug":"menschen-mit-demenz","status":"publish","type":"page","link":"https:\/\/www.ludgeri-stiftung.de\/index.php\/menschen-mit-demenz\/","title":{"rendered":"Menschen mit Demenz"},"content":{"rendered":"<p>[et_pb_section fb_built=&#8220;1&#8243; disabled_on=&#8220;on|on|off&#8220; admin_label=&#8220;Hero&#8220; _builder_version=&#8220;4.27.4&#8243; _module_preset=&#8220;default&#8220; background_image=&#8220;https:\/\/www.ludgeri-stiftung.de\/wp-content\/uploads\/2025\/03\/header-vollzeitpflege-low-1.jpg&#8220; parallax=&#8220;on&#8220; custom_padding=&#8220;0px||0px||true|false&#8220; locked=&#8220;off&#8220; global_colors_info=&#8220;{}&#8220;][et_pb_row column_structure=&#8220;2_3,1_3&#8243; use_custom_gutter=&#8220;on&#8220; make_equal=&#8220;on&#8220; padding_top_bottom_link_1=&#8220;true&#8220; padding_top_bottom_link_2=&#8220;true&#8220; padding_left_right_link_1=&#8220;true&#8220; padding_left_right_link_2=&#8220;true&#8220; background_color_gradient_type_1=&#8220;circular&#8220; _builder_version=&#8220;4.27.0&#8243; _module_preset=&#8220;default&#8220; width=&#8220;100%&#8220; max_width=&#8220;100%&#8220; custom_padding=&#8220;0px||0px||true&#8220; use_custom_width=&#8220;on&#8220; width_unit=&#8220;off&#8220; custom_width_percent=&#8220;100%&#8220; global_colors_info=&#8220;{}&#8220;][et_pb_column type=&#8220;2_3&#8243; _builder_version=&#8220;4.23.1&#8243; _module_preset=&#8220;default&#8220; background_color_gradient_start=&#8220;rgba(40,40,40,0.79)&#8220; background_color_gradient_end=&#8220;rgba(40,40,40,0.86)&#8220; custom_padding=&#8220;10vw|6vw|10vw|6vw&#8220; custom_padding_tablet=&#8220;10vw|10%|10vw|10%|true|true&#8220; custom_padding_phone=&#8220;10vw|10%|10vw|10%|true|true&#8220; custom_padding_last_edited=&#8220;on|desktop&#8220; global_colors_info=&#8220;{}&#8220; padding_tablet=&#8220;10vw|10%|10vw|10%|true|true&#8220; padding_last_edited=&#8220;on|desktop&#8220; custom_padding__hover=&#8220;|||&#8220; padding_phone=&#8220;10vw|10%|10vw|10%|true|true&#8220;][et_pb_text _builder_version=&#8220;4.27.4&#8243; _module_preset=&#8220;_initial&#8220; text_font=&#8220;||||||||&#8220; header_font=&#8220;Roboto Condensed|700|on||||||&#8220; header_text_color=&#8220;#FFFFFF&#8220; header_font_size=&#8220;64px&#8220; header_line_height=&#8220;1.1em&#8220; background_layout=&#8220;dark&#8220; max_width=&#8220;800px&#8220; custom_margin=&#8220;60px||100px||false|false&#8220; custom_padding=&#8220;|||16px&#8220; text_font_size_tablet=&#8220;14px&#8220; text_font_size_last_edited=&#8220;off|desktop&#8220; header_font_size_tablet=&#8220;44px&#8220; header_font_size_phone=&#8220;32px&#8220; header_font_size_last_edited=&#8220;on|phone&#8220; header_text_shadow_style=&#8220;preset3&#8243; border_color_all=&#8220;RGBA(255,255,255,0)&#8220; locked=&#8220;off&#8220; global_colors_info=&#8220;{}&#8220;]<\/p>\n<h1>Vollzeitpflege<\/h1>\n<p>[\/et_pb_text][\/et_pb_column][et_pb_column type=&#8220;1_3&#8243; _builder_version=&#8220;4.22.2&#8243; _module_preset=&#8220;default&#8220; background_color=&#8220;#CAC84E&#8220; custom_padding=&#8220;80px|40px|80px|40px&#8220; custom_padding_tablet=&#8220;|10%||10%||true&#8220; custom_padding_phone=&#8220;|10%||10%||true&#8220; custom_padding_last_edited=&#8220;on|desktop&#8220; global_colors_info=&#8220;{}&#8220; padding_tablet=&#8220;|10%||10%||true&#8220; padding_last_edited=&#8220;on|desktop&#8220; custom_padding__hover=&#8220;|||&#8220; padding_phone=&#8220;|10%||10%||true&#8220;][et_pb_text _builder_version=&#8220;4.22.2&#8243; _module_preset=&#8220;_initial&#8220; header_font=&#8220;||||||||&#8220; header_2_font=&#8220;Roboto Condensed|700|||||||&#8220; header_2_font_size=&#8220;32px&#8220; header_2_line_height=&#8220;1.2em&#8220; custom_margin=&#8220;|||&#8220; custom_padding=&#8220;|||&#8220; header_2_font_size_last_edited=&#8220;off|desktop&#8220; global_colors_info=&#8220;{}&#8220;]<\/p>\n<h2>Themen<\/h2>\n<p>[\/et_pb_text][et_pb_blurb title=&#8220;MENSCHEN MIT DEMENZ&#8220; url=&#8220;#demenz&#8220; image=&#8220;https:\/\/www.ludgeri-stiftung.de\/wp-content\/uploads\/2024\/11\/icon-demenz.png&#8220; icon_placement=&#8220;left&#8220; image_icon_width=&#8220;64px&#8220; content_max_width=&#8220;1100px&#8220; content_max_width_tablet=&#8220;1100px&#8220; content_max_width_last_edited=&#8220;off|desktop&#8220; _builder_version=&#8220;4.27.4&#8243; _module_preset=&#8220;default&#8220; header_font=&#8220;Roboto Condensed|700|||||||&#8220; header_text_align=&#8220;left&#8220; header_text_color=&#8220;#2a2a2a&#8220; header_line_height=&#8220;1.4em&#8220; body_font=&#8220;Roboto Condensed||||||||&#8220; body_font_size=&#8220;15px&#8220; background_layout=&#8220;dark&#8220; custom_margin=&#8220;|||&#8220; custom_padding=&#8220;|||&#8220; animation_style=&#8220;slide&#8220; animation_direction=&#8220;right&#8220; animation_intensity_slide=&#8220;10%&#8220; animation=&#8220;off&#8220; link_option_url=&#8220;https:\/\/www.ludgeri-stiftung.de\/index.php\/menschen-mit-demenz\/&#8220; image_max_width=&#8220;64px&#8220; locked=&#8220;off&#8220; global_colors_info=&#8220;{}&#8220;]<\/p>\n<p>Personenzentrierter Ansatz<\/p>\n<p>[\/et_pb_blurb][et_pb_blurb title=&#8220;SELBSTBESTIMMUNGSRECHT&#8220; url=&#8220;#selbstbestimmung&#8220; image=&#8220;https:\/\/www.ludgeri-stiftung.de\/wp-content\/uploads\/2024\/11\/icon-selbstbestimmungsrecht.png&#8220; icon_placement=&#8220;left&#8220; image_icon_width=&#8220;64px&#8220; content_max_width=&#8220;1100px&#8220; content_max_width_tablet=&#8220;1100px&#8220; content_max_width_last_edited=&#8220;off|desktop&#8220; _builder_version=&#8220;4.27.4&#8243; _module_preset=&#8220;default&#8220; header_font=&#8220;Roboto Condensed|700|||||||&#8220; header_text_align=&#8220;left&#8220; header_text_color=&#8220;#2a2a2a&#8220; header_line_height=&#8220;1.4em&#8220; body_font=&#8220;Roboto Condensed||||||||&#8220; body_font_size=&#8220;15px&#8220; background_layout=&#8220;dark&#8220; custom_margin=&#8220;|||&#8220; custom_padding=&#8220;|||&#8220; animation_style=&#8220;slide&#8220; animation_direction=&#8220;right&#8220; animation_intensity_slide=&#8220;10%&#8220; animation=&#8220;off&#8220; link_option_url=&#8220;#selbstbestimmung&#8220; image_max_width=&#8220;64px&#8220; locked=&#8220;off&#8220; global_colors_info=&#8220;{}&#8220;]<\/p>\n<p>Wir reagieren auf individuelle Bed\u00fcrfnisse<\/p>\n<p>[\/et_pb_blurb][et_pb_blurb title=&#8220;WERDENFELSER-WEG&#8220; url=&#8220;#werdenfelser&#8220; image=&#8220;https:\/\/www.ludgeri-stiftung.de\/wp-content\/uploads\/2024\/11\/icon-werdenfelserweg.png&#8220; icon_placement=&#8220;left&#8220; image_icon_width=&#8220;64px&#8220; content_max_width=&#8220;1100px&#8220; content_max_width_tablet=&#8220;1100px&#8220; content_max_width_last_edited=&#8220;off|desktop&#8220; _builder_version=&#8220;4.27.4&#8243; _module_preset=&#8220;default&#8220; header_font=&#8220;Roboto Condensed|700|||||||&#8220; header_text_align=&#8220;left&#8220; header_text_color=&#8220;#2a2a2a&#8220; header_line_height=&#8220;1.4em&#8220; body_font=&#8220;Roboto Condensed||||||||&#8220; body_font_size=&#8220;15px&#8220; background_layout=&#8220;dark&#8220; custom_margin=&#8220;|||&#8220; custom_padding=&#8220;|||&#8220; animation_style=&#8220;slide&#8220; animation_direction=&#8220;right&#8220; animation_intensity_slide=&#8220;10%&#8220; animation=&#8220;off&#8220; image_max_width=&#8220;64px&#8220; locked=&#8220;off&#8220; global_colors_info=&#8220;{}&#8220;]<\/p>\n<p>Alles basiert auf Freiwilligkeit<\/p>\n<p>[\/et_pb_blurb][et_pb_blurb title=&#8220;PERSONENZENTRIERTER ANSATZ&#8220; url=&#8220;#personen&#8220; image=&#8220;https:\/\/www.ludgeri-stiftung.de\/wp-content\/uploads\/2024\/11\/icon-personenzentrierter-ansatz.png&#8220; alt=&#8220;Stiftung St. Ludgeri \u2013 Essen Werden&#8220; icon_placement=&#8220;left&#8220; image_icon_width=&#8220;64px&#8220; content_max_width=&#8220;1100px&#8220; content_max_width_tablet=&#8220;1100px&#8220; content_max_width_last_edited=&#8220;off|desktop&#8220; _builder_version=&#8220;4.27.4&#8243; _module_preset=&#8220;default&#8220; header_font=&#8220;Roboto Condensed|700|||||||&#8220; header_text_align=&#8220;left&#8220; header_text_color=&#8220;#2a2a2a&#8220; header_line_height=&#8220;1.4em&#8220; body_font=&#8220;Roboto Condensed||||||||&#8220; body_font_size=&#8220;15px&#8220; background_layout=&#8220;dark&#8220; custom_margin=&#8220;|||&#8220; custom_padding=&#8220;|||&#8220; animation_style=&#8220;slide&#8220; animation_direction=&#8220;right&#8220; animation_intensity_slide=&#8220;10%&#8220; animation=&#8220;off&#8220; image_max_width=&#8220;64px&#8220; global_colors_info=&#8220;{}&#8220;]<\/p>\n<p>Recht auf Selbstbestimmung<\/p>\n<p>[\/et_pb_blurb][et_pb_blurb title=&#8220;HINLAUFTENDENZ&#8220; url=&#8220;#hinlauftendenz&#8220; image=&#8220;https:\/\/www.ludgeri-stiftung.de\/wp-content\/uploads\/2024\/11\/icon-hinlauftendenz.png&#8220; alt=&#8220;Stiftung St. Ludgeri \u2013 Essen Werden&#8220; icon_placement=&#8220;left&#8220; image_icon_width=&#8220;64px&#8220; content_max_width=&#8220;1100px&#8220; content_max_width_tablet=&#8220;1100px&#8220; content_max_width_last_edited=&#8220;off|desktop&#8220; _builder_version=&#8220;4.27.4&#8243; _module_preset=&#8220;default&#8220; header_font=&#8220;Roboto Condensed|700|||||||&#8220; header_text_align=&#8220;left&#8220; header_text_color=&#8220;#2a2a2a&#8220; header_line_height=&#8220;1.4em&#8220; body_font=&#8220;Roboto Condensed||||||||&#8220; body_font_size=&#8220;15px&#8220; background_layout=&#8220;dark&#8220; custom_margin=&#8220;|||&#8220; custom_padding=&#8220;|||&#8220; animation_style=&#8220;slide&#8220; animation_direction=&#8220;right&#8220; animation_intensity_slide=&#8220;10%&#8220; animation=&#8220;off&#8220; image_max_width=&#8220;64px&#8220; global_colors_info=&#8220;{}&#8220;]<\/p>\n<p>Alles mit Sicherheit<\/p>\n<p>[\/et_pb_blurb][\/et_pb_column][\/et_pb_row][\/et_pb_section][et_pb_section fb_built=&#8220;1&#8243; admin_label=&#8220;Menu&#8220; _builder_version=&#8220;4.27.0&#8243; _module_preset=&#8220;default&#8220; background_color=&#8220;#f6f6f6&#8243; background_enable_image=&#8220;off&#8220; locked=&#8220;off&#8220; collapsed=&#8220;on&#8220; global_colors_info=&#8220;{}&#8220;][et_pb_row admin_label=&#8220;Section Header&#8220; _builder_version=&#8220;4.21.0&#8243; _module_preset=&#8220;default&#8220; max_width=&#8220;600px&#8220; global_colors_info=&#8220;{}&#8220;][et_pb_column type=&#8220;4_4&#8243; _builder_version=&#8220;4.16&#8243; _module_preset=&#8220;default&#8220; custom_padding=&#8220;|||&#8220; global_colors_info=&#8220;{}&#8220; custom_padding__hover=&#8220;|||&#8220;][et_pb_text admin_label=&#8220;Tittle&#8220; _builder_version=&#8220;4.27.4&#8243; _module_preset=&#8220;_initial&#8220; header_font=&#8220;||||||||&#8220; header_2_font=&#8220;Roboto Condensed|300||on|||||&#8220; header_2_text_color=&#8220;#000000&#8243; header_3_font=&#8220;||||||||&#8220; text_orientation=&#8220;center&#8220; max_width_last_edited=&#8220;off|desktop&#8220; custom_margin=&#8220;||10px||false|false&#8220; hover_enabled=&#8220;0&#8243; global_colors_info=&#8220;{}&#8220; header_2_font_size=&#8220;40px&#8220; header_2_line_height=&#8220;1.5em&#8220; sticky_enabled=&#8220;0&#8243;]<\/p>\n<h2>Wenn die Erinnerung langsam verlischt, sind wir da<\/h2>\n<p>[\/et_pb_text][et_pb_image src=&#8220;https:\/\/www.ludgeri-stiftung.de\/wp-content\/uploads\/2024\/07\/colourspare-flat.jpg&#8220; title_text=&#8220;colourspare-flat&#8220; align=&#8220;center&#8220; _builder_version=&#8220;4.22.2&#8243; _module_preset=&#8220;default&#8220; global_colors_info=&#8220;{}&#8220;][\/et_pb_image][et_pb_text disabled_on=&#8220;off|off|off&#8220; admin_label=&#8220;Subtittle&#8220; _builder_version=&#8220;4.27.4&#8243; _module_preset=&#8220;_initial&#8220; text_font=&#8220;Roboto Condensed||||||||&#8220; text_orientation=&#8220;center&#8220; max_width_tablet=&#8220;&#8220; max_width_phone=&#8220;&#8220; max_width_last_edited=&#8220;on|phone&#8220; module_alignment=&#8220;center&#8220; global_colors_info=&#8220;{}&#8220;]<\/p>\n<p style=\"text-align: center;\">Demenz ist eine Erkrankung, die schleichend beginnt und das Leben der Betroffenen sowie ihrer Angeh\u00f6rigen tiefgreifend ver\u00e4ndert. Namen werden vergessen, allt\u00e4gliche Dinge verlegt, Termine \u00fcbersehen. Mit der Zeit werden das Ged\u00e4chtnis, die Orientierung und die Sprache zunehmend beeintr\u00e4chtigt. Weil sie merken, dass ihnen Gewohntes entgleitet, ziehen sich Betroffene oft zur\u00fcck. Die Stiftung St. Ludgeri \u00a0hat es sich zur Aufgabe gemacht, ein m\u00f6glichst guter R\u00fcckzugsort f\u00fcr Menschen mit Demenz zu sein.<\/p>\n<p style=\"text-align: center;\">\n<p style=\"text-align: center;\">Denn auch wenn Demenz nicht heilbar ist, l\u00e4sst sich der Verlauf verlangsamen und Lebensqualit\u00e4t erhalten \u2013 durch Alltagsstrukturen, viel Geduld, Verst\u00e4ndnis und F\u00fcrsorge und durch das Bewahren von W\u00fcrde und Respekt. Unsere Mitarbeitenden erkennen hinter der Krankheit immer den Menschen mit seiner einzigartigen Lebensgeschichte. Wir behandeln ihn so menschlich, wie er es verdient, und integrieren ihn in das Geschehen unseres Lebehauses.<\/p>\n<p>[\/et_pb_text][\/et_pb_column][\/et_pb_row][et_pb_row column_structure=&#8220;2_5,3_5&#8243; _builder_version=&#8220;4.22.2&#8243; _module_preset=&#8220;default&#8220; locked=&#8220;off&#8220; global_colors_info=&#8220;{}&#8220;][et_pb_column type=&#8220;2_5&#8243; _builder_version=&#8220;4.22.2&#8243; _module_preset=&#8220;default&#8220; global_colors_info=&#8220;{}&#8220;][et_pb_image src=&#8220;https:\/\/www.ludgeri-stiftung.de\/wp-content\/uploads\/2024\/07\/portrait-dummy.png&#8220; alt=&#8220;Laura Stietenroth&#8220; title_text=&#8220;portrait-dummy&#8220; _builder_version=&#8220;4.27.0&#8243; _module_preset=&#8220;default&#8220; global_colors_info=&#8220;{}&#8220;][\/et_pb_image][et_pb_text _builder_version=&#8220;4.27.0&#8243; _module_preset=&#8220;_initial&#8220; text_font=&#8220;Roboto Condensed||on||||||&#8220; text_orientation=&#8220;center&#8220; custom_margin=&#8220;-30px||||false|false&#8220; locked=&#8220;off&#8220; global_colors_info=&#8220;{}&#8220;]<\/p>\n<p class=\"p1\"><b>Name Mitarbeiter*in<\/b><br \/>Funktion in der Stiftung St. Ludgeri<\/p>\n<p>[\/et_pb_text][\/et_pb_column][et_pb_column type=&#8220;3_5&#8243; _builder_version=&#8220;4.22.2&#8243; _module_preset=&#8220;default&#8220; global_colors_info=&#8220;{}&#8220;][et_pb_image src=&#8220;https:\/\/www.ludgeri-stiftung.de\/wp-content\/uploads\/2024\/07\/quote-icon-green.png&#8220; title_text=&#8220;quote-icon-green&#8220; align=&#8220;center&#8220; _builder_version=&#8220;4.23&#8243; _module_preset=&#8220;default&#8220; module_alignment=&#8220;center&#8220; min_height=&#8220;80px&#8220; height=&#8220;80px&#8220; max_height=&#8220;80px&#8220; custom_margin=&#8220;70px||||false|false&#8220; global_colors_info=&#8220;{}&#8220;][\/et_pb_image][et_pb_text _builder_version=&#8220;4.27.0&#8243; _module_preset=&#8220;_initial&#8220; text_font=&#8220;Roboto Condensed||on||||||&#8220; header_5_font=&#8220;Roboto Condensed|700||on|||||&#8220; header_5_text_color=&#8220;#CAC84E&#8220; text_orientation=&#8220;center&#8220; custom_margin=&#8220;||0px||false|false&#8220; custom_padding=&#8220;0px|||||&#8220; header_5_font_size_tablet=&#8220;20px&#8220; header_5_font_size_phone=&#8220;25px&#8220; locked=&#8220;off&#8220; global_colors_info=&#8220;{}&#8220;]<\/p>\n<h5><em>Zitat Zitat zitiertes Zitat zitierf\u00e4higes Zitat, zitiert und zitiert.<\/em><\/h5>\n<p>[\/et_pb_text][\/et_pb_column][\/et_pb_row][\/et_pb_section][et_pb_section fb_built=&#8220;1&#8243; disabled_on=&#8220;on|off|off&#8220; admin_label=&#8220;Header&#8220; module_id=&#8220;demenz&#8220; _builder_version=&#8220;4.27.4&#8243; _module_preset=&#8220;default&#8220; background_color=&#8220;#CAC84E&#8220; background_image=&#8220;https:\/\/www.ludgeri-stiftung.de\/wp-content\/uploads\/2025\/03\/menschen-mit-demenz.jpg&#8220; parallax=&#8220;on&#8220; custom_padding=&#8220;20vw||20vw||true|false&#8220; locked=&#8220;off&#8220; collapsed=&#8220;on&#8220; global_colors_info=&#8220;{}&#8220;][et_pb_row _builder_version=&#8220;4.21.0&#8243; _module_preset=&#8220;default&#8220; global_colors_info=&#8220;{}&#8220;][et_pb_column type=&#8220;4_4&#8243; _builder_version=&#8220;4.21.0&#8243; _module_preset=&#8220;default&#8220; global_colors_info=&#8220;{}&#8220;][et_pb_image src=&#8220;https:\/\/www.ludgeri-stiftung.de\/wp-content\/uploads\/2024\/11\/icon-demenz.png&#8220; alt=&#8220;Stiftung St. Ludgeri \u2013 Essen Werden&#8220; title_text=&#8220;icon-demenz&#8220; _builder_version=&#8220;4.27.4&#8243; _module_preset=&#8220;default&#8220; width=&#8220;10%&#8220; max_width=&#8220;10%&#8220; module_alignment=&#8220;center&#8220; locked=&#8220;off&#8220; global_colors_info=&#8220;{}&#8220;][\/et_pb_image][et_pb_text _builder_version=&#8220;4.27.4&#8243; _module_preset=&#8220;_initial&#8220; header_font=&#8220;Roboto Condensed|700||on|||||&#8220; header_text_color=&#8220;#FFFFFF&#8220; header_2_font=&#8220;Roboto Condensed|700||on|||||&#8220; header_2_text_color=&#8220;#FFFFFF&#8220; header_2_font_size=&#8220;50px&#8220; text_orientation=&#8220;center&#8220; custom_margin=&#8220;||10px||false|false&#8220; header_2_text_shadow_style=&#8220;preset3&#8243; global_colors_info=&#8220;{}&#8220;]<\/p>\n<h2>Menschen mit Demenz<\/h2>\n<p>[\/et_pb_text][\/et_pb_column][\/et_pb_row][\/et_pb_section][et_pb_section fb_built=&#8220;1&#8243; _builder_version=&#8220;4.27.0&#8243; _module_preset=&#8220;default&#8220; locked=&#8220;off&#8220; global_colors_info=&#8220;{}&#8220;][et_pb_row _builder_version=&#8220;4.27.0&#8243; _module_preset=&#8220;default&#8220; global_colors_info=&#8220;{}&#8220;][et_pb_column type=&#8220;4_4&#8243; _builder_version=&#8220;4.27.0&#8243; _module_preset=&#8220;default&#8220; global_colors_info=&#8220;{}&#8220;][et_pb_text admin_label=&#8220;Tittle&#8220; _builder_version=&#8220;4.27.4&#8243; _module_preset=&#8220;_initial&#8220; header_font=&#8220;||||||||&#8220; header_2_font=&#8220;Roboto Condensed|300||on|||||&#8220; header_2_text_color=&#8220;#000000&#8243; header_3_font=&#8220;||||||||&#8220; text_orientation=&#8220;center&#8220; max_width_last_edited=&#8220;off|desktop&#8220; custom_margin=&#8220;||10px||false|false&#8220; hover_enabled=&#8220;0&#8243; global_colors_info=&#8220;{}&#8220; header_2_font_size=&#8220;40px&#8220; header_2_line_height=&#8220;1.5em&#8220; sticky_enabled=&#8220;0&#8243;]<\/p>\n<h2>Headline f\u00fcr Menschen mit Demenz<\/h2>\n<p>[\/et_pb_text][et_pb_image src=&#8220;https:\/\/www.ludgeri-stiftung.de\/wp-content\/uploads\/2024\/07\/colourspare-flat.jpg&#8220; title_text=&#8220;colourspare-flat&#8220; align=&#8220;center&#8220; _builder_version=&#8220;4.22.2&#8243; _module_preset=&#8220;default&#8220; global_colors_info=&#8220;{}&#8220;][\/et_pb_image][et_pb_text disabled_on=&#8220;off|off|off&#8220; admin_label=&#8220;Subtittle&#8220; _builder_version=&#8220;4.27.4&#8243; _module_preset=&#8220;_initial&#8220; text_font=&#8220;Roboto Condensed||||||||&#8220; text_orientation=&#8220;center&#8220; max_width_tablet=&#8220;&#8220; max_width_phone=&#8220;&#8220; max_width_last_edited=&#8220;on|phone&#8220; module_alignment=&#8220;center&#8220; global_colors_info=&#8220;{}&#8220;]<\/p>\n<p>In der Pflege beschreibt die Hinlauftendenz das Verhalten von Menschen mit Demenz, sich ziellos oder nur scheinbar zielgerichtet in Bewegung zu setzen. Dabei sind sie auf der Suche nach vertrauten Orten oder Personen \u2013 oder sie wollen nichts anderes als einfach nur nach Hause. Der Grund daf\u00fcr sind emotionale Bed\u00fcrfnisse wie der Wunsch nach Sicherheit, Orientierung oder auch nach Autonomie.<\/p>\n<p>[\/et_pb_text][\/et_pb_column][\/et_pb_row][et_pb_row column_structure=&#8220;1_2,1_2&#8243; _builder_version=&#8220;4.27.0&#8243; _module_preset=&#8220;default&#8220; global_colors_info=&#8220;{}&#8220;][et_pb_column type=&#8220;1_2&#8243; _builder_version=&#8220;4.27.0&#8243; _module_preset=&#8220;default&#8220; global_colors_info=&#8220;{}&#8220;][et_pb_image src=&#8220;https:\/\/www.ludgeri-stiftung.de\/wp-content\/uploads\/2024\/11\/hinlauftendenz-1.jpg&#8220; alt=&#8220;Stiftung St. Ludgeri \u2013 Essen Werden&#8220; title_text=&#8220;hinlauftendenz-1&#8243; _builder_version=&#8220;4.27.4&#8243; _module_preset=&#8220;default&#8220; global_colors_info=&#8220;{}&#8220;][\/et_pb_image][et_pb_text _builder_version=&#8220;4.27.4&#8243; _module_preset=&#8220;default&#8220; text_font=&#8220;Roboto Condensed||||||||&#8220; header_3_font=&#8220;Roboto Condensed|700|||||||&#8220; header_3_text_color=&#8220;#007697&#8243; text_orientation=&#8220;center&#8220; global_colors_info=&#8220;{}&#8220;]<\/p>\n<h3><strong>In aller Freiheit<\/strong><\/h3>\n<p>Diesen emotionalen Bed\u00fcrfnissen kommen wir mit dem freien Gartenzugang im Wohnbereich Clemens entgegen. Wir tragen daf\u00fcr Sorge, dass f\u00fcr unsere Bewohnenden ein sicheres und unter st\u00e4ndiger Aufsicht stattfindendes Bewegen m\u00f6glich ist.<\/p>\n<p>[\/et_pb_text][\/et_pb_column][et_pb_column type=&#8220;1_2&#8243; _builder_version=&#8220;4.27.0&#8243; _module_preset=&#8220;default&#8220; global_colors_info=&#8220;{}&#8220;][et_pb_image src=&#8220;https:\/\/www.ludgeri-stiftung.de\/wp-content\/uploads\/2025\/03\/in-guten-haenden.jpg&#8220; alt=&#8220;in-guten-haenden&#8220; title_text=&#8220;in-guten-haenden&#8220; _builder_version=&#8220;4.27.4&#8243; _module_preset=&#8220;default&#8220; background_color=&#8220;#007697&#8243; locked=&#8220;off&#8220; global_colors_info=&#8220;{}&#8220;][\/et_pb_image][et_pb_text _builder_version=&#8220;4.27.4&#8243; _module_preset=&#8220;default&#8220; text_font=&#8220;Roboto Condensed||||||||&#8220; header_3_font=&#8220;Roboto Condensed|700|||||||&#8220; header_3_text_color=&#8220;#007697&#8243; text_orientation=&#8220;center&#8220; global_colors_info=&#8220;{}&#8220;]<\/p>\n<h3><strong>In guten H\u00e4nden<\/strong><\/h3>\n<p>Unsere Pflegekr\u00e4fte wissen um die spezielle Problematik der Bewohnenden und richten ihr Handeln danach aus, m\u00f6glichst zur\u00fcckhaltend zu agieren und sich im Hintergrund zu halten. Damit erm\u00f6glichen sie den Bewohnenden eine ungest\u00f6rte, unbeeinflusste und unaufgeregte Suche nach ihrem Ziel.<\/p>\n<p>[\/et_pb_text][\/et_pb_column][\/et_pb_row][\/et_pb_section][et_pb_section fb_built=&#8220;1&#8243; disabled_on=&#8220;on|off|off&#8220; admin_label=&#8220;Header&#8220; module_id=&#8220;selbstbestimmung&#8220; _builder_version=&#8220;4.27.4&#8243; _module_preset=&#8220;default&#8220; background_color=&#8220;#CAC84E&#8220; background_image=&#8220;https:\/\/www.ludgeri-stiftung.de\/wp-content\/uploads\/2025\/03\/selbstbestimmungsrecht-low.jpg&#8220; parallax=&#8220;on&#8220; custom_padding=&#8220;22vw||22vw||true|false&#8220; locked=&#8220;off&#8220; collapsed=&#8220;on&#8220; global_colors_info=&#8220;{}&#8220;][et_pb_row _builder_version=&#8220;4.21.0&#8243; _module_preset=&#8220;default&#8220; global_colors_info=&#8220;{}&#8220;][et_pb_column type=&#8220;4_4&#8243; _builder_version=&#8220;4.21.0&#8243; _module_preset=&#8220;default&#8220; global_colors_info=&#8220;{}&#8220;][et_pb_image src=&#8220;https:\/\/www.ludgeri-stiftung.de\/wp-content\/uploads\/2024\/11\/icon-selbstbestimmungsrecht.png&#8220; alt=&#8220;Stiftung St. Ludgeri \u2013 Essen Werden&#8220; title_text=&#8220;icon-selbstbestimmungsrecht&#8220; _builder_version=&#8220;4.27.4&#8243; _module_preset=&#8220;default&#8220; width=&#8220;10%&#8220; max_width=&#8220;10%&#8220; module_alignment=&#8220;center&#8220; locked=&#8220;off&#8220; global_colors_info=&#8220;{}&#8220;][\/et_pb_image][et_pb_text _builder_version=&#8220;4.27.4&#8243; _module_preset=&#8220;_initial&#8220; header_font=&#8220;Roboto Condensed|700||on|||||&#8220; header_text_color=&#8220;#FFFFFF&#8220; header_2_font=&#8220;Roboto Condensed|700||on|||||&#8220; header_2_text_color=&#8220;#FFFFFF&#8220; header_2_font_size=&#8220;50px&#8220; text_orientation=&#8220;center&#8220; custom_margin=&#8220;||10px||false|false&#8220; header_2_text_shadow_style=&#8220;preset3&#8243; global_colors_info=&#8220;{}&#8220;]<\/p>\n<h2>Selbstbestimmungsrecht<\/h2>\n<p>[\/et_pb_text][\/et_pb_column][\/et_pb_row][\/et_pb_section][et_pb_section fb_built=&#8220;1&#8243; _builder_version=&#8220;4.27.0&#8243; _module_preset=&#8220;default&#8220; locked=&#8220;off&#8220; global_colors_info=&#8220;{}&#8220;][et_pb_row _builder_version=&#8220;4.27.0&#8243; _module_preset=&#8220;default&#8220; global_colors_info=&#8220;{}&#8220;][et_pb_column type=&#8220;4_4&#8243; _builder_version=&#8220;4.27.0&#8243; _module_preset=&#8220;default&#8220; global_colors_info=&#8220;{}&#8220;][et_pb_text admin_label=&#8220;Tittle&#8220; _builder_version=&#8220;4.27.4&#8243; _module_preset=&#8220;_initial&#8220; header_font=&#8220;||||||||&#8220; header_2_font=&#8220;Roboto Condensed|300||on|||||&#8220; header_2_text_color=&#8220;#000000&#8243; header_3_font=&#8220;||||||||&#8220; text_orientation=&#8220;center&#8220; max_width_last_edited=&#8220;off|desktop&#8220; custom_margin=&#8220;||10px||false|false&#8220; hover_enabled=&#8220;0&#8243; global_colors_info=&#8220;{}&#8220; header_2_font_size=&#8220;40px&#8220; header_2_line_height=&#8220;1.5em&#8220; sticky_enabled=&#8220;0&#8243;]<\/p>\n<h2>Headline f\u00fcr SELBSTBESTIMMUNGSRECHT<\/h2>\n<p>[\/et_pb_text][et_pb_image src=&#8220;https:\/\/www.ludgeri-stiftung.de\/wp-content\/uploads\/2024\/07\/colourspare-flat.jpg&#8220; title_text=&#8220;colourspare-flat&#8220; align=&#8220;center&#8220; _builder_version=&#8220;4.27.4&#8243; _module_preset=&#8220;default&#8220; global_colors_info=&#8220;{}&#8220;][\/et_pb_image][et_pb_text disabled_on=&#8220;off|off|off&#8220; admin_label=&#8220;Subtittle&#8220; _builder_version=&#8220;4.27.4&#8243; _module_preset=&#8220;_initial&#8220; text_font=&#8220;Roboto Condensed||||||||&#8220; text_orientation=&#8220;center&#8220; max_width_tablet=&#8220;&#8220; max_width_phone=&#8220;&#8220; max_width_last_edited=&#8220;on|phone&#8220; module_alignment=&#8220;center&#8220; global_colors_info=&#8220;{}&#8220;]<\/p>\n<p><span>Lorem ipsum dolor sit amet, consectetuer adipiscing elit. Aenean commodo ligula eget dolor. Aenean massa. Cum sociis natoque penatibus et magnis dis parturient montes, nascetur ridiculus mus. Donec quam felis, ultricies nec, pellentesque eu, pretium quis, sem. Nulla consequat massa quis enim. Donec pede justo, fringilla vel, aliquet nec, vulputate eget, arcu.<\/span><\/p>\n<p>[\/et_pb_text][\/et_pb_column][\/et_pb_row][et_pb_row column_structure=&#8220;1_2,1_2&#8243; _builder_version=&#8220;4.27.0&#8243; _module_preset=&#8220;default&#8220; global_colors_info=&#8220;{}&#8220;][et_pb_column type=&#8220;1_2&#8243; _builder_version=&#8220;4.27.0&#8243; _module_preset=&#8220;default&#8220; global_colors_info=&#8220;{}&#8220;][et_pb_image src=&#8220;https:\/\/www.ludgeri-stiftung.de\/wp-content\/uploads\/2024\/10\/Platzhalterbild-2.jpg&#8220; alt=&#8220;Stiftung St. Ludgeri \u2013 Essen Werden&#8220; title_text=&#8220;Platzhalterbild-2&#8243; _builder_version=&#8220;4.27.4&#8243; _module_preset=&#8220;default&#8220; global_colors_info=&#8220;{}&#8220;][\/et_pb_image][et_pb_text _builder_version=&#8220;4.27.4&#8243; _module_preset=&#8220;default&#8220; text_font=&#8220;Roboto Condensed||||||||&#8220; header_3_font=&#8220;Roboto Condensed|700|||||||&#8220; header_3_text_color=&#8220;#007697&#8243; text_orientation=&#8220;center&#8220; global_colors_info=&#8220;{}&#8220;]<\/p>\n<h3><strong>Headline Headline Headline<\/strong><\/h3>\n<p><span>Lorem ipsum dolor sit amet, consectetuer adipiscing elit. Aenean commodo ligula eget dolor. Aenean massa. Cum sociis natoque penatibus et magnis dis parturient montes, nascetur ridiculus mus. Donec quam felis, ultricies nec, pellentesque eu, pretium quis, sem. Nulla consequat massa quis enim. Donec pede justo, fringilla vel, aliquet nec, vulputate eget, arcu.<\/span><\/p>\n<p>[\/et_pb_text][\/et_pb_column][et_pb_column type=&#8220;1_2&#8243; _builder_version=&#8220;4.27.0&#8243; _module_preset=&#8220;default&#8220; global_colors_info=&#8220;{}&#8220;][et_pb_image src=&#8220;https:\/\/www.ludgeri-stiftung.de\/wp-content\/uploads\/2024\/10\/Platzhalterbild-2.jpg&#8220; alt=&#8220;Stiftung St. Ludgeri \u2013 Essen Werden&#8220; title_text=&#8220;Platzhalterbild-2&#8243; _builder_version=&#8220;4.27.4&#8243; _module_preset=&#8220;default&#8220; background_color=&#8220;#007697&#8243; locked=&#8220;off&#8220; global_colors_info=&#8220;{}&#8220;][\/et_pb_image][et_pb_text _builder_version=&#8220;4.27.4&#8243; _module_preset=&#8220;default&#8220; text_font=&#8220;Roboto Condensed||||||||&#8220; header_3_font=&#8220;Roboto Condensed|700|||||||&#8220; header_3_text_color=&#8220;#007697&#8243; text_orientation=&#8220;center&#8220; global_colors_info=&#8220;{}&#8220;]<\/p>\n<h3><strong>Headline Headline Headline<\/strong><\/h3>\n<p><span>Lorem ipsum dolor sit amet, consectetuer adipiscing elit. Aenean commodo ligula eget dolor. Aenean massa. Cum sociis natoque penatibus et magnis dis parturient montes, nascetur ridiculus mus. Donec quam felis, ultricies nec, pellentesque eu, pretium quis, sem. Nulla consequat massa quis enim. Donec pede justo, fringilla vel, aliquet nec, vulputate eget, arcu.<\/span><\/p>\n<p>[\/et_pb_text][\/et_pb_column][\/et_pb_row][\/et_pb_section][et_pb_section fb_built=&#8220;1&#8243; disabled_on=&#8220;on|off|off&#8220; admin_label=&#8220;Header&#8220; module_id=&#8220;werdenfelser&#8220; _builder_version=&#8220;4.27.4&#8243; _module_preset=&#8220;default&#8220; background_color=&#8220;#CAC84E&#8220; background_image=&#8220;https:\/\/www.ludgeri-stiftung.de\/wp-content\/uploads\/2024\/11\/header-werdenfelser-weg.jpg&#8220; parallax=&#8220;on&#8220; custom_padding=&#8220;20vw||20vw||true|false&#8220; locked=&#8220;off&#8220; collapsed=&#8220;on&#8220; global_colors_info=&#8220;{}&#8220;][et_pb_row _builder_version=&#8220;4.21.0&#8243; _module_preset=&#8220;default&#8220; global_colors_info=&#8220;{}&#8220;][et_pb_column type=&#8220;4_4&#8243; _builder_version=&#8220;4.21.0&#8243; _module_preset=&#8220;default&#8220; global_colors_info=&#8220;{}&#8220;][et_pb_image src=&#8220;https:\/\/www.ludgeri-stiftung.de\/wp-content\/uploads\/2024\/11\/icon-werdenfelserweg.png&#8220; alt=&#8220;Stiftung St. Ludgeri \u2013 Essen Werden&#8220; title_text=&#8220;icon-werdenfelserweg&#8220; _builder_version=&#8220;4.27.4&#8243; _module_preset=&#8220;default&#8220; width=&#8220;10%&#8220; max_width=&#8220;10%&#8220; module_alignment=&#8220;center&#8220; locked=&#8220;off&#8220; global_colors_info=&#8220;{}&#8220;][\/et_pb_image][et_pb_text _builder_version=&#8220;4.27.3&#8243; _module_preset=&#8220;_initial&#8220; header_font=&#8220;Roboto Condensed|700||on|||||&#8220; header_text_color=&#8220;#FFFFFF&#8220; header_2_font=&#8220;Roboto Condensed|700||on|||||&#8220; header_2_text_color=&#8220;#FFFFFF&#8220; header_2_font_size=&#8220;50px&#8220; text_orientation=&#8220;center&#8220; custom_margin=&#8220;||10px||false|false&#8220; header_2_text_shadow_style=&#8220;preset3&#8243; global_colors_info=&#8220;{}&#8220;]<\/p>\n<h2>Werdenfelser-Weg<\/h2>\n<p>[\/et_pb_text][\/et_pb_column][\/et_pb_row][\/et_pb_section][et_pb_section fb_built=&#8220;1&#8243; _builder_version=&#8220;4.24.0&#8243; _module_preset=&#8220;default&#8220; background_color=&#8220;#f6f6f6&#8243; custom_margin=&#8220;0px||||false|false&#8220; locked=&#8220;off&#8220; global_colors_info=&#8220;{}&#8220;][et_pb_row admin_label=&#8220;Section Header&#8220; _builder_version=&#8220;4.23.1&#8243; _module_preset=&#8220;default&#8220; max_width=&#8220;600px&#8220; custom_margin=&#8220;0px||||false|false&#8220; locked=&#8220;off&#8220; global_colors_info=&#8220;{}&#8220;][et_pb_column type=&#8220;4_4&#8243; _builder_version=&#8220;4.16&#8243; _module_preset=&#8220;default&#8220; custom_padding=&#8220;|||&#8220; global_colors_info=&#8220;{}&#8220; custom_padding__hover=&#8220;|||&#8220;][et_pb_text admin_label=&#8220;Tittle&#8220; _builder_version=&#8220;4.27.4&#8243; _module_preset=&#8220;_initial&#8220; header_font=&#8220;||||||||&#8220; header_2_font=&#8220;Roboto Condensed|300||on|||||&#8220; header_2_text_color=&#8220;#000000&#8243; header_3_font=&#8220;||||||||&#8220; text_orientation=&#8220;center&#8220; max_width_last_edited=&#8220;off|desktop&#8220; custom_margin=&#8220;||10px||false|false&#8220; hover_enabled=&#8220;0&#8243; global_colors_info=&#8220;{}&#8220; header_2_font_size=&#8220;40px&#8220; header_2_line_height=&#8220;1.5em&#8220; sticky_enabled=&#8220;0&#8243;]<\/p>\n<h2>In der Stiftung basiert alles auf Freiwilligkeit<\/h2>\n<p>[\/et_pb_text][et_pb_image src=&#8220;https:\/\/www.ludgeri-stiftung.de\/wp-content\/uploads\/2024\/07\/colourspare-flat.jpg&#8220; title_text=&#8220;colourspare-flat&#8220; align=&#8220;center&#8220; _builder_version=&#8220;4.22.2&#8243; _module_preset=&#8220;default&#8220; global_colors_info=&#8220;{}&#8220;][\/et_pb_image][\/et_pb_column][\/et_pb_row][et_pb_row column_structure=&#8220;1_2,1_2&#8243; _builder_version=&#8220;4.27.3&#8243; _module_preset=&#8220;default&#8220; global_colors_info=&#8220;{}&#8220;][et_pb_column type=&#8220;1_2&#8243; _builder_version=&#8220;4.27.3&#8243; _module_preset=&#8220;default&#8220; global_colors_info=&#8220;{}&#8220;][et_pb_text disabled_on=&#8220;off|off|off&#8220; admin_label=&#8220;Subtittle&#8220; _builder_version=&#8220;4.27.4&#8243; _module_preset=&#8220;_initial&#8220; text_font=&#8220;Roboto Condensed||||||||&#8220; header_3_font=&#8220;Roboto Condensed|700|||||||&#8220; header_3_text_color=&#8220;#007697&#8243; max_width_tablet=&#8220;&#8220; max_width_phone=&#8220;&#8220; max_width_last_edited=&#8220;on|phone&#8220; module_alignment=&#8220;center&#8220; global_colors_info=&#8220;{}&#8220;]<\/p>\n<h3><span>UNSER WEG: DER WERDENFELSER WEG<\/span><\/h3>\n<p>Wir wollen mehr als gute Pflegeangebote machen, wir wollen gr\u00f6\u00dftm\u00f6gliche Selbstbestimmung erm\u00f6glichen. Deshalb arbeiten wir nach der Werdenfelser-Weg-Methode: Jeder kann jederzeit nach seinem freien Willen aufstehen und wird mit den bestm\u00f6glichen Ma\u00dfnahmen gesch\u00fctzt. Und wir richten uns nach den pers\u00f6nlichen Bed\u00fcrfnissen: Vorlieben beim Essen, spezielle W\u00fcnsche f\u00fcr den Tagesablauf, die M\u00f6glichkeit, l\u00e4nger zu schlafen \u2013 alles, was zum Wohlf\u00fchlen dazugeh\u00f6rt.<\/p>\n<p>Wir lassen unsere Bewohnenden genauso, wie sie sind, unterst\u00fctzen sie so weit wie m\u00f6glich bei der Erhaltung ihrer Selbstst\u00e4ndigkeit und verzichten auf jegliche freiheitsentziehenden oder -einschr\u00e4nkenden Ma\u00dfnahmen. Das verstehen wir unter gelebter Selbstbestimmung.<\/p>\n<p>[\/et_pb_text][\/et_pb_column][et_pb_column type=&#8220;1_2&#8243; _builder_version=&#8220;4.24.0&#8243; _module_preset=&#8220;default&#8220; global_colors_info=&#8220;{}&#8220;][et_pb_text disabled_on=&#8220;off|off|off&#8220; admin_label=&#8220;Subtittle&#8220; _builder_version=&#8220;4.27.4&#8243; _module_preset=&#8220;_initial&#8220; text_font=&#8220;Roboto Condensed||||||||&#8220; header_3_font=&#8220;Roboto Condensed|700|||||||&#8220; header_3_text_color=&#8220;#007697&#8243; max_width_tablet=&#8220;&#8220; max_width_phone=&#8220;&#8220; max_width_last_edited=&#8220;on|phone&#8220; module_alignment=&#8220;center&#8220; global_colors_info=&#8220;{}&#8220;]<\/p>\n<h3><span>UNSER ANGEBOT: KLEINE GRUPPEN<\/span><\/h3>\n<p>Kleine Gruppen bringen zahlreiche Vorteile mit sich. Sie steigern den Zusammenhalt der Bewohnenden und helfen \u00fcber Einsamkeit hinweg. In einer kleinen Gruppe f\u00fchlt man sich wie bei der eigenen Familie und teilt Freud und Leid, lacht gemeinsam und hat am Ende des Tages immer das Gef\u00fchl des Aufgehoben-Seins. Bei allen Gemeinsamkeiten bleiben die individuellen W\u00fcnsche und Bed\u00fcrfnisse aber immer im Fokus.<\/p>\n<p>Dadurch, dass unsere Bewohnenden in gemischten kleinen Gruppen untergebracht sind, erf\u00e4hrt jeder schnell Vertrauen und findet im Stiftungsalltag eine gute Orientierung. Das gilt insbesondere auch f\u00fcr Menschen mit Demenz. In diesem Fall macht es dann wirklich die Mischung.<\/p>\n<p>[\/et_pb_text][\/et_pb_column][\/et_pb_row][\/et_pb_section][et_pb_section fb_built=&#8220;1&#8243; disabled_on=&#8220;on|off|off&#8220; admin_label=&#8220;Header&#8220; module_id=&#8220;personen&#8220; _builder_version=&#8220;4.27.4&#8243; _module_preset=&#8220;default&#8220; background_color=&#8220;#CAC84E&#8220; background_image=&#8220;https:\/\/www.ludgeri-stiftung.de\/wp-content\/uploads\/2024\/11\/header-personenzentriert.jpg&#8220; parallax=&#8220;on&#8220; custom_padding=&#8220;20vw||20vw||true|false&#8220; locked=&#8220;off&#8220; collapsed=&#8220;on&#8220; global_colors_info=&#8220;{}&#8220;][et_pb_row _builder_version=&#8220;4.21.0&#8243; _module_preset=&#8220;default&#8220; global_colors_info=&#8220;{}&#8220;][et_pb_column type=&#8220;4_4&#8243; _builder_version=&#8220;4.21.0&#8243; _module_preset=&#8220;default&#8220; global_colors_info=&#8220;{}&#8220;][et_pb_image src=&#8220;https:\/\/www.ludgeri-stiftung.de\/wp-content\/uploads\/2024\/11\/icon-personenzentrierter-ansatz.png&#8220; alt=&#8220;Stiftung St. Ludgeri \u2013 Essen Werden&#8220; title_text=&#8220;icon-personenzentrierter-ansatz&#8220; _builder_version=&#8220;4.27.4&#8243; _module_preset=&#8220;default&#8220; width=&#8220;10%&#8220; max_width=&#8220;10%&#8220; module_alignment=&#8220;center&#8220; locked=&#8220;off&#8220; global_colors_info=&#8220;{}&#8220;][\/et_pb_image][et_pb_text _builder_version=&#8220;4.27.4&#8243; _module_preset=&#8220;_initial&#8220; header_font=&#8220;Roboto Condensed|700||on|||||&#8220; header_text_color=&#8220;#FFFFFF&#8220; header_2_font=&#8220;Roboto Condensed|700||on|||||&#8220; header_2_text_color=&#8220;#FFFFFF&#8220; header_2_font_size=&#8220;50px&#8220; text_orientation=&#8220;center&#8220; custom_margin=&#8220;||10px||false|false&#8220; header_2_text_shadow_style=&#8220;preset3&#8243; global_colors_info=&#8220;{}&#8220;]<\/p>\n<h2>Personenzentrierter Ansatz<\/h2>\n<p>[\/et_pb_text][\/et_pb_column][\/et_pb_row][\/et_pb_section][et_pb_section fb_built=&#8220;1&#8243; _builder_version=&#8220;4.24.0&#8243; _module_preset=&#8220;default&#8220; background_color=&#8220;#f6f6f6&#8243; custom_margin=&#8220;0px||||false|false&#8220; locked=&#8220;off&#8220; global_colors_info=&#8220;{}&#8220;][et_pb_row admin_label=&#8220;Section Header&#8220; _builder_version=&#8220;4.23.1&#8243; _module_preset=&#8220;default&#8220; max_width=&#8220;600px&#8220; custom_margin=&#8220;0px||||false|false&#8220; locked=&#8220;off&#8220; global_colors_info=&#8220;{}&#8220;][et_pb_column type=&#8220;4_4&#8243; _builder_version=&#8220;4.16&#8243; _module_preset=&#8220;default&#8220; custom_padding=&#8220;|||&#8220; global_colors_info=&#8220;{}&#8220; custom_padding__hover=&#8220;|||&#8220;][et_pb_text admin_label=&#8220;Tittle&#8220; _builder_version=&#8220;4.27.4&#8243; _module_preset=&#8220;_initial&#8220; header_font=&#8220;||||||||&#8220; header_2_font=&#8220;Roboto Condensed|300||on|||||&#8220; header_2_text_color=&#8220;#000000&#8243; header_3_font=&#8220;||||||||&#8220; text_orientation=&#8220;center&#8220; max_width_last_edited=&#8220;off|desktop&#8220; custom_margin=&#8220;||10px||false|false&#8220; hover_enabled=&#8220;0&#8243; global_colors_info=&#8220;{}&#8220; header_2_font_size=&#8220;40px&#8220; header_2_line_height=&#8220;1.5em&#8220; sticky_enabled=&#8220;0&#8243;]<\/p>\n<h2>Das Wichtigste ist das Recht auf Selbstbestimmung<\/h2>\n<p>[\/et_pb_text][et_pb_image src=&#8220;https:\/\/www.ludgeri-stiftung.de\/wp-content\/uploads\/2024\/07\/colourspare-flat.jpg&#8220; title_text=&#8220;colourspare-flat&#8220; align=&#8220;center&#8220; _builder_version=&#8220;4.22.2&#8243; _module_preset=&#8220;default&#8220; global_colors_info=&#8220;{}&#8220;][\/et_pb_image][\/et_pb_column][\/et_pb_row][et_pb_row column_structure=&#8220;1_2,1_2&#8243; _builder_version=&#8220;4.24.0&#8243; _module_preset=&#8220;default&#8220; global_colors_info=&#8220;{}&#8220;][et_pb_column type=&#8220;1_2&#8243; _builder_version=&#8220;4.24.0&#8243; _module_preset=&#8220;default&#8220; global_colors_info=&#8220;{}&#8220;][et_pb_text disabled_on=&#8220;off|off|off&#8220; admin_label=&#8220;Subtittle&#8220; _builder_version=&#8220;4.27.4&#8243; _module_preset=&#8220;_initial&#8220; text_font=&#8220;Roboto Condensed||||||||&#8220; header_3_font=&#8220;Roboto Condensed|700|||||||&#8220; header_3_text_color=&#8220;#007697&#8243; max_width_tablet=&#8220;&#8220; max_width_phone=&#8220;&#8220; max_width_last_edited=&#8220;on|phone&#8220; module_alignment=&#8220;center&#8220; global_colors_info=&#8220;{}&#8220;]<\/p>\n<h3><strong>Was bleibt?<\/strong><\/h3>\n<p>Mit dem personenzentrierten Ansatz r\u00fccken wir den Menschen mit Demenz in den Mittelpunkt. Dabei reduzieren wir unsere Bewohnenden nicht auf ihre Defizite, sondern nehmen sie in ihrer Einzigartigkeit wahr. Ein zentrales Element dieses Ansatzes ist das recht auf Selbstbestimmung. Auch wenn die kognitiven F\u00e4higkeiten nachlassen, bleibt der Wunsch erhalten, das eigene Leben mitzugestalten.<\/p>\n<p>Entscheidungen \u00fcber den Tagesablauf oder die Wahl der Kleidung sollten deshalb so weit wie m\u00f6glich selbst getroffen werden k\u00f6nnen. Das unterst\u00fctzen wir durch klare Strukturen und eine r\u00fccksichtsvolle Kommunikation, die die Gef\u00fchle und W\u00fcnsche der Bewohnenden ernst nimmt. \u00a0<\/p>\n<p>[\/et_pb_text][\/et_pb_column][et_pb_column type=&#8220;1_2&#8243; _builder_version=&#8220;4.24.0&#8243; _module_preset=&#8220;default&#8220; global_colors_info=&#8220;{}&#8220;][et_pb_text disabled_on=&#8220;off|off|off&#8220; admin_label=&#8220;Subtittle&#8220; _builder_version=&#8220;4.27.4&#8243; _module_preset=&#8220;_initial&#8220; text_font=&#8220;Roboto Condensed||||||||&#8220; header_3_font=&#8220;Roboto Condensed|700|||||||&#8220; header_3_text_color=&#8220;#007697&#8243; max_width_tablet=&#8220;&#8220; max_width_phone=&#8220;&#8220; max_width_last_edited=&#8220;on|phone&#8220; module_alignment=&#8220;center&#8220; global_colors_info=&#8220;{}&#8220;]<\/p>\n<h3><strong>Was wird?<\/strong><\/h3>\n<p>Statt den Fokus auf das zu legen, was nicht mehr geht, konzentrieren wir uns auf das, was noch m\u00f6glich ist. Gemeinsam mit den Angeh\u00f6rigen schaffen unsere Pflegekr\u00e4fte einen Rahmen, der Sicherheit bietet und gr\u00f6\u00dftm\u00f6gliche Freiheit zul\u00e4sst. Das Erhalten von vertrauten Ritualen, die liebevolle Zuwendung und das Eingehen auf individuelle Vorlieben und W\u00fcnsche f\u00f6rdern das Wohlbefinden und st\u00e4rken das Vertrauen \u2013 in die eigenen M\u00f6glichkeiten und in unsere Unterst\u00fctzung.<\/p>\n<p>Der personenzentrierte Ansatz soll sicherstellen, dass Menschen mit Demenz nicht nur gepflegt werden sollen, sondern in ihrer Pers\u00f6nlichkeit geachtet und mit Respekt, Empathie und Offenheit begleitet werden m\u00fcssen. Genau das gelingt unseren Pflegkr\u00e4fte zusammen mit den Angeh\u00f6rigen jeden Tag aufs Neue.<\/p>\n<p>[\/et_pb_text][\/et_pb_column][\/et_pb_row][\/et_pb_section][et_pb_section fb_built=&#8220;1&#8243; disabled_on=&#8220;on|off|off&#8220; admin_label=&#8220;Header&#8220; module_id=&#8220;hinlauftendenz&#8220; _builder_version=&#8220;4.27.4&#8243; _module_preset=&#8220;default&#8220; background_color=&#8220;#CAC84E&#8220; background_image=&#8220;https:\/\/www.ludgeri-stiftung.de\/wp-content\/uploads\/2025\/03\/hinlauftendenz-low.jpg&#8220; parallax=&#8220;on&#8220; custom_padding=&#8220;20vw||20vw||true|false&#8220; locked=&#8220;off&#8220; collapsed=&#8220;on&#8220; global_colors_info=&#8220;{}&#8220;][et_pb_row _builder_version=&#8220;4.21.0&#8243; _module_preset=&#8220;default&#8220; global_colors_info=&#8220;{}&#8220;][et_pb_column type=&#8220;4_4&#8243; _builder_version=&#8220;4.21.0&#8243; _module_preset=&#8220;default&#8220; global_colors_info=&#8220;{}&#8220;][et_pb_image src=&#8220;https:\/\/www.ludgeri-stiftung.de\/wp-content\/uploads\/2024\/11\/icon-hinlauftendenz.png&#8220; alt=&#8220;Stiftung St. Ludgeri \u2013 Essen Werden&#8220; title_text=&#8220;icon-hinlauftendenz&#8220; _builder_version=&#8220;4.27.4&#8243; _module_preset=&#8220;default&#8220; width=&#8220;10%&#8220; max_width=&#8220;10%&#8220; module_alignment=&#8220;center&#8220; locked=&#8220;off&#8220; global_colors_info=&#8220;{}&#8220;][\/et_pb_image][et_pb_text _builder_version=&#8220;4.27.4&#8243; _module_preset=&#8220;_initial&#8220; header_font=&#8220;Roboto Condensed|700||on|||||&#8220; header_text_color=&#8220;#FFFFFF&#8220; header_2_font=&#8220;Roboto Condensed|700||on|||||&#8220; header_2_text_color=&#8220;#FFFFFF&#8220; header_2_font_size=&#8220;50px&#8220; text_orientation=&#8220;center&#8220; custom_margin=&#8220;||10px||false|false&#8220; header_2_text_shadow_style=&#8220;preset3&#8243; global_colors_info=&#8220;{}&#8220;]<\/p>\n<h2>HINLAUFTENDENZ<\/h2>\n<p>[\/et_pb_text][\/et_pb_column][\/et_pb_row][\/et_pb_section][et_pb_section fb_built=&#8220;1&#8243; _builder_version=&#8220;4.27.0&#8243; _module_preset=&#8220;default&#8220; global_colors_info=&#8220;{}&#8220;][et_pb_row _builder_version=&#8220;4.27.0&#8243; _module_preset=&#8220;default&#8220; global_colors_info=&#8220;{}&#8220;][et_pb_column type=&#8220;4_4&#8243; _builder_version=&#8220;4.27.0&#8243; _module_preset=&#8220;default&#8220; global_colors_info=&#8220;{}&#8220;][et_pb_text admin_label=&#8220;Tittle&#8220; _builder_version=&#8220;4.27.4&#8243; _module_preset=&#8220;_initial&#8220; header_font=&#8220;||||||||&#8220; header_2_font=&#8220;Roboto Condensed|300||on|||||&#8220; header_2_text_color=&#8220;#000000&#8243; header_3_font=&#8220;||||||||&#8220; text_orientation=&#8220;center&#8220; max_width_last_edited=&#8220;off|desktop&#8220; custom_margin=&#8220;||10px||false|false&#8220; hover_enabled=&#8220;0&#8243; global_colors_info=&#8220;{}&#8220; header_2_font_size=&#8220;40px&#8220; header_2_line_height=&#8220;1.5em&#8220; sticky_enabled=&#8220;0&#8243;]<\/p>\n<h2>Alles mit und f\u00fcr Sicherheit<\/h2>\n<p>[\/et_pb_text][et_pb_image src=&#8220;https:\/\/www.ludgeri-stiftung.de\/wp-content\/uploads\/2024\/07\/colourspare-flat.jpg&#8220; title_text=&#8220;colourspare-flat&#8220; align=&#8220;center&#8220; _builder_version=&#8220;4.22.2&#8243; _module_preset=&#8220;default&#8220; global_colors_info=&#8220;{}&#8220;][\/et_pb_image][et_pb_text disabled_on=&#8220;off|off|off&#8220; admin_label=&#8220;Subtittle&#8220; _builder_version=&#8220;4.27.4&#8243; _module_preset=&#8220;_initial&#8220; text_font=&#8220;Roboto Condensed||||||||&#8220; text_orientation=&#8220;center&#8220; max_width_tablet=&#8220;&#8220; max_width_phone=&#8220;&#8220; max_width_last_edited=&#8220;on|phone&#8220; module_alignment=&#8220;center&#8220; global_colors_info=&#8220;{}&#8220;]<\/p>\n<p>In der Pflege beschreibt die Hinlauftendenz das Verhalten von Menschen mit Demenz, sich ziellos oder nur scheinbar zielgerichtet in Bewegung zu setzen. Dabei sind sie auf der Suche nach vertrauten Orten oder Personen \u2013 oder sie wollen nichts anderes als einfach nur nach Hause. Der Grund daf\u00fcr sind emotionale Bed\u00fcrfnisse wie der Wunsch nach Sicherheit, Orientierung oder auch nach Autonomie.<\/p>\n<p>[\/et_pb_text][\/et_pb_column][\/et_pb_row][\/et_pb_section]<\/p>\n","protected":false},"excerpt":{"rendered":"<p>VollzeitpflegeThemenPersonenzentrierter AnsatzWir reagieren auf individuelle Bed\u00fcrfnisseAlles basiert auf FreiwilligkeitRecht auf SelbstbestimmungAlles mit SicherheitWenn die Erinnerung langsam verlischt, sind wir daDemenz ist eine Erkrankung, die schleichend beginnt und das Leben der Betroffenen sowie ihrer Angeh\u00f6rigen tiefgreifend ver\u00e4ndert. Namen werden vergessen, allt\u00e4gliche Dinge verlegt, Termine \u00fcbersehen. Mit der Zeit werden das Ged\u00e4chtnis, die Orientierung und die Sprache [&hellip;]<\/p>\n","protected":false},"author":2,"featured_media":0,"parent":0,"menu_order":0,"comment_status":"closed","ping_status":"closed","template":"","meta":{"_seopress_robots_primary_cat":"","_seopress_titles_title":"","_seopress_titles_desc":"","_seopress_robots_index":"","_et_pb_use_builder":"on","_et_pb_old_content":"","_et_gb_content_width":"","footnotes":""},"class_list":["post-257","page","type-page","status-publish","hentry"],"_links":{"self":[{"href":"https:\/\/www.ludgeri-stiftung.de\/index.php\/wp-json\/wp\/v2\/pages\/257","targetHints":{"allow":["GET"]}}],"collection":[{"href":"https:\/\/www.ludgeri-stiftung.de\/index.php\/wp-json\/wp\/v2\/pages"}],"about":[{"href":"https:\/\/www.ludgeri-stiftung.de\/index.php\/wp-json\/wp\/v2\/types\/page"}],"author":[{"embeddable":true,"href":"https:\/\/www.ludgeri-stiftung.de\/index.php\/wp-json\/wp\/v2\/users\/2"}],"replies":[{"embeddable":true,"href":"https:\/\/www.ludgeri-stiftung.de\/index.php\/wp-json\/wp\/v2\/comments?post=257"}],"version-history":[{"count":44,"href":"https:\/\/www.ludgeri-stiftung.de\/index.php\/wp-json\/wp\/v2\/pages\/257\/revisions"}],"predecessor-version":[{"id":947,"href":"https:\/\/www.ludgeri-stiftung.de\/index.php\/wp-json\/wp\/v2\/pages\/257\/revisions\/947"}],"wp:attachment":[{"href":"https:\/\/www.ludgeri-stiftung.de\/index.php\/wp-json\/wp\/v2\/media?parent=257"}],"curies":[{"name":"wp","href":"https:\/\/api.w.org\/{rel}","templated":true}]}}